{"id":12967,"date":"2025-01-09T12:44:08","date_gmt":"2025-01-09T11:44:08","guid":{"rendered":"https:\/\/www.valer-f.es\/?post_type=convocatoria&#038;p=12967"},"modified":"2026-04-25T16:34:56","modified_gmt":"2026-04-25T14:34:56","slug":"convocatoria-valer-2025-para-plazas-permanentes-de-investigador-distinguido-en-la-comunitat-valenciana","status":"publish","type":"convocatoria","link":"https:\/\/www.valer-f.es\/es\/convocatoria\/convocatoria-valer-2025-para-plazas-permanentes-de-investigador-distinguido-en-la-comunitat-valenciana\/","title":{"rendered":"CONVOCATORIA ValER 2025 PARA PLAZAS PERMANENTES DE INVESTIGADOR DISTINGUIDO EN LA COMUNITAT VALENCIANA"},"content":{"rendered":"\t\t<div data-elementor-type=\"wp-post\" data-elementor-id=\"12967\" class=\"elementor elementor-12967\" data-elementor-post-type=\"convocatoria\">\n\t\t\t\t\t\t<section class=\"elementor-section elementor-top-section elementor-element elementor-element-1a189de elementor-section-boxed elementor-section-height-default elementor-section-height-default\" data-id=\"1a189de\" data-element_type=\"section\" data-e-type=\"section\">\n\t\t\t\t\t\t<div class=\"elementor-container elementor-column-gap-default\">\n\t\t\t\t\t<div class=\"elementor-column elementor-col-100 elementor-top-column elementor-element elementor-element-3950ff7\" data-id=\"3950ff7\" data-element_type=\"column\" data-e-type=\"column\">\n\t\t\t<div class=\"elementor-widget-wrap elementor-element-populated\">\n\t\t\t\t\t\t<div class=\"elementor-element elementor-element-36947f1 elementor-widget elementor-widget-spacer\" data-id=\"36947f1\" data-element_type=\"widget\" data-e-type=\"widget\" data-widget_type=\"spacer.default\">\n\t\t\t\t<div class=\"elementor-widget-container\">\n\t\t\t\t\t\t\t<div class=\"elementor-spacer\">\n\t\t\t<div class=\"elementor-spacer-inner\"><\/div>\n\t\t<\/div>\n\t\t\t\t\t\t<\/div>\n\t\t\t\t<\/div>\n\t\t\t\t\t<\/div>\n\t\t<\/div>\n\t\t\t\t\t<\/div>\n\t\t<\/section>\n\t\t\t\t<section class=\"elementor-section elementor-top-section elementor-element elementor-element-c3d29ae elementor-section-stretched elementor-hidden-desktop elementor-hidden-tablet elementor-hidden-mobile elementor-section-boxed elementor-section-height-default elementor-section-height-default\" data-id=\"c3d29ae\" data-element_type=\"section\" data-e-type=\"section\" data-settings=\"{&quot;stretch_section&quot;:&quot;section-stretched&quot;}\">\n\t\t\t\t\t\t<div class=\"elementor-container elementor-column-gap-default\">\n\t\t\t\t\t<div class=\"elementor-column elementor-col-100 elementor-top-column elementor-element elementor-element-b1f7cf8\" data-id=\"b1f7cf8\" data-element_type=\"column\" data-e-type=\"column\">\n\t\t\t<div class=\"elementor-widget-wrap elementor-element-populated\">\n\t\t\t\t\t\t<div class=\"elementor-element elementor-element-231ff0d elementor-widget elementor-widget-text-editor\" data-id=\"231ff0d\" data-element_type=\"widget\" data-e-type=\"widget\" data-widget_type=\"text-editor.default\">\n\t\t\t\t<div class=\"elementor-widget-container\">\n\t\t\t\t\t\t\t\t\t<p><strong>La resoluci\u00f3n de la convocatoria ValER se publicar\u00e1 el 1 de septiembre de 2025<\/strong>.<\/p>\t\t\t\t\t\t\t\t<\/div>\n\t\t\t\t<\/div>\n\t\t\t\t\t<\/div>\n\t\t<\/div>\n\t\t\t\t\t<\/div>\n\t\t<\/section>\n\t\t\t\t<section class=\"elementor-section elementor-top-section elementor-element elementor-element-328ac7b elementor-section-boxed elementor-section-height-default elementor-section-height-default\" data-id=\"328ac7b\" data-element_type=\"section\" data-e-type=\"section\">\n\t\t\t\t\t\t<div class=\"elementor-container elementor-column-gap-default\">\n\t\t\t\t\t<div class=\"elementor-column elementor-col-100 elementor-top-column elementor-element elementor-element-c6732c3\" data-id=\"c6732c3\" data-element_type=\"column\" data-e-type=\"column\">\n\t\t\t<div class=\"elementor-widget-wrap elementor-element-populated\">\n\t\t\t\t\t\t<div class=\"elementor-element elementor-element-f8e9da5 elementor-widget elementor-widget-text-editor\" data-id=\"f8e9da5\" data-element_type=\"widget\" data-e-type=\"widget\" data-widget_type=\"text-editor.default\">\n\t\t\t\t<div class=\"elementor-widget-container\">\n\t\t\t\t\t\t\t\t\t<p><strong>[CONVOCATORIA CERRADA Y RESUELTA]<\/strong><\/p>\t\t\t\t\t\t\t\t<\/div>\n\t\t\t\t<\/div>\n\t\t\t\t<div class=\"elementor-element elementor-element-134c4b7 elementor-widget elementor-widget-text-editor\" data-id=\"134c4b7\" data-element_type=\"widget\" data-e-type=\"widget\" data-widget_type=\"text-editor.default\">\n\t\t\t\t<div class=\"elementor-widget-container\">\n\t\t\t\t\t\t\t\t\t<p>ValER ofrece <strong>CINCO puestos permanentes <\/strong>para investigadores que deseen desarrollar su carrera cient\u00edfica en la Comunitat Valenciana. Los candidatos seleccionados realizar\u00e1n su investigaci\u00f3n en alguna de las universidades p\u00fablicas o privadas sin \u00e1nimo de lucro, fundaciones o centros de investigaci\u00f3n de la Comunitat Valenciana. Se espera que realicen una investigaci\u00f3n independiente y colaborativa, y que sean capaces de atraer financiaci\u00f3n competitiva y liderar sus propias l\u00edneas de investigaci\u00f3n.<\/p>\t\t\t\t\t\t\t\t<\/div>\n\t\t\t\t<\/div>\n\t\t\t\t\t<\/div>\n\t\t<\/div>\n\t\t\t\t\t<\/div>\n\t\t<\/section>\n\t\t\t\t<section class=\"elementor-section elementor-top-section elementor-element elementor-element-decb2a8 elementor-section-boxed elementor-section-height-default elementor-section-height-default\" data-id=\"decb2a8\" data-element_type=\"section\" data-e-type=\"section\">\n\t\t\t\t\t\t<div class=\"elementor-container elementor-column-gap-default\">\n\t\t\t\t\t<div class=\"elementor-column elementor-col-100 elementor-top-column elementor-element elementor-element-c74462b\" data-id=\"c74462b\" data-element_type=\"column\" data-e-type=\"column\">\n\t\t\t<div class=\"elementor-widget-wrap elementor-element-populated\">\n\t\t\t\t\t\t<div class=\"elementor-element elementor-element-46ce1e7 elementor-widget elementor-widget-heading\" data-id=\"46ce1e7\" data-element_type=\"widget\" data-e-type=\"widget\" data-widget_type=\"heading.default\">\n\t\t\t\t<div class=\"elementor-widget-container\">\n\t\t\t\t\t<h2 class=\"elementor-heading-title elementor-size-default\">Remuneraci\u00f3n<\/h2>\t\t\t\t<\/div>\n\t\t\t\t<\/div>\n\t\t\t\t<div class=\"elementor-element elementor-element-3b2cf98 elementor-widget elementor-widget-text-editor\" data-id=\"3b2cf98\" data-element_type=\"widget\" data-e-type=\"widget\" data-widget_type=\"text-editor.default\">\n\t\t\t\t<div class=\"elementor-widget-container\">\n\t\t\t\t\t\t\t\t\t<p>El salario a percibir se negociar\u00e1 con los candidatos seleccionados teniendo en cuenta las retribuciones de puestos de trabajo p\u00fablicos equivalentes, tales como catedr\u00e1tico de universidad y ser\u00e1 acorde a su excelencia cient\u00edfica, experiencia y liderazgo.<\/p>\t\t\t\t\t\t\t\t<\/div>\n\t\t\t\t<\/div>\n\t\t\t\t\t<\/div>\n\t\t<\/div>\n\t\t\t\t\t<\/div>\n\t\t<\/section>\n\t\t\t\t<section class=\"elementor-section elementor-top-section elementor-element elementor-element-6430d43 elementor-section-boxed elementor-section-height-default elementor-section-height-default\" data-id=\"6430d43\" data-element_type=\"section\" data-e-type=\"section\">\n\t\t\t\t\t\t<div class=\"elementor-container elementor-column-gap-default\">\n\t\t\t\t\t<div class=\"elementor-column elementor-col-100 elementor-top-column elementor-element elementor-element-86480fb\" data-id=\"86480fb\" data-element_type=\"column\" data-e-type=\"column\">\n\t\t\t<div class=\"elementor-widget-wrap elementor-element-populated\">\n\t\t\t\t\t\t<div class=\"elementor-element elementor-element-6c8cd1c elementor-widget elementor-widget-heading\" data-id=\"6c8cd1c\" data-element_type=\"widget\" data-e-type=\"widget\" data-widget_type=\"heading.default\">\n\t\t\t\t<div class=\"elementor-widget-container\">\n\t\t\t\t\t<h2 class=\"elementor-heading-title elementor-size-default\">Financiaci\u00f3n adicional<\/h2>\t\t\t\t<\/div>\n\t\t\t\t<\/div>\n\t\t\t\t<div class=\"elementor-element elementor-element-f50db93 elementor-widget elementor-widget-text-editor\" data-id=\"f50db93\" data-element_type=\"widget\" data-e-type=\"widget\" data-widget_type=\"text-editor.default\">\n\t\t\t\t<div class=\"elementor-widget-container\">\n\t\t\t\t\t\t\t\t\t<ul><li>150.000 \u20ac como financiaci\u00f3n inicial para el desarrollo de la investigaci\u00f3n.<\/li><li>5.000 \u20ac como m\u00e1ximo en concepto de mudanza para traslados internacionales.<\/li><\/ul>\t\t\t\t\t\t\t\t<\/div>\n\t\t\t\t<\/div>\n\t\t\t\t\t<\/div>\n\t\t<\/div>\n\t\t\t\t\t<\/div>\n\t\t<\/section>\n\t\t\t\t<section class=\"elementor-section elementor-top-section elementor-element elementor-element-d0557c5 elementor-section-boxed elementor-section-height-default elementor-section-height-default\" data-id=\"d0557c5\" data-element_type=\"section\" data-e-type=\"section\">\n\t\t\t\t\t\t<div class=\"elementor-container elementor-column-gap-default\">\n\t\t\t\t\t<div class=\"elementor-column elementor-col-100 elementor-top-column elementor-element elementor-element-b100b42\" data-id=\"b100b42\" data-element_type=\"column\" data-e-type=\"column\">\n\t\t\t<div class=\"elementor-widget-wrap elementor-element-populated\">\n\t\t\t\t\t\t<div class=\"elementor-element elementor-element-bc080fb elementor-widget elementor-widget-heading\" data-id=\"bc080fb\" data-element_type=\"widget\" data-e-type=\"widget\" data-widget_type=\"heading.default\">\n\t\t\t\t<div class=\"elementor-widget-container\">\n\t\t\t\t\t<h2 class=\"elementor-heading-title elementor-size-default\">Solicitantes elegibles<\/h2>\t\t\t\t<\/div>\n\t\t\t\t<\/div>\n\t\t\t\t<div class=\"elementor-element elementor-element-2f8fec4 elementor-widget elementor-widget-text-editor\" data-id=\"2f8fec4\" data-element_type=\"widget\" data-e-type=\"widget\" data-widget_type=\"text-editor.default\">\n\t\t\t\t<div class=\"elementor-widget-container\">\n\t\t\t\t\t\t\t\t\t<p>Esta convocatoria est\u00e1 abierta a investigadores l\u00edderes senior de cualquier edad y nacionalidad, con un m\u00ednimo de 10 a\u00f1os de experiencia postdoctoral, historial de investigaci\u00f3n sobresaliente, trayectoria de investigaci\u00f3n s\u00f3lida y experiencia internacional.<\/p>\t\t\t\t\t\t\t\t<\/div>\n\t\t\t\t<\/div>\n\t\t\t\t\t<\/div>\n\t\t<\/div>\n\t\t\t\t\t<\/div>\n\t\t<\/section>\n\t\t\t\t<section class=\"elementor-section elementor-top-section elementor-element elementor-element-528859b elementor-section-boxed elementor-section-height-default elementor-section-height-default\" data-id=\"528859b\" data-element_type=\"section\" data-e-type=\"section\">\n\t\t\t\t\t\t<div class=\"elementor-container elementor-column-gap-default\">\n\t\t\t\t\t<div class=\"elementor-column elementor-col-100 elementor-top-column elementor-element elementor-element-45df096\" data-id=\"45df096\" data-element_type=\"column\" data-e-type=\"column\">\n\t\t\t<div class=\"elementor-widget-wrap elementor-element-populated\">\n\t\t\t\t\t\t<div class=\"elementor-element elementor-element-30b77a4 elementor-widget elementor-widget-heading\" data-id=\"30b77a4\" data-element_type=\"widget\" data-e-type=\"widget\" data-widget_type=\"heading.default\">\n\t\t\t\t<div class=\"elementor-widget-container\">\n\t\t\t\t\t<h2 class=\"elementor-heading-title elementor-size-default\">Instituciones de acogida<\/h2>\t\t\t\t<\/div>\n\t\t\t\t<\/div>\n\t\t\t\t<div class=\"elementor-element elementor-element-03f4d34 elementor-widget elementor-widget-text-editor\" data-id=\"03f4d34\" data-element_type=\"widget\" data-e-type=\"widget\" data-widget_type=\"text-editor.default\">\n\t\t\t\t<div class=\"elementor-widget-container\">\n\t\t\t\t\t\t\t\t\t<p><span lang=\"es\" style=\"font-size: 11.0pt; line-height: 107%; font-family: 'Calibri',sans-serif; mso-ascii-theme-font: minor-latin; mso-fareast-font-family: Calibri; mso-fareast-theme-font: minor-latin; mso-hansi-theme-font: minor-latin; mso-bidi-font-family: 'Times New Roman'; mso-bidi-theme-font: minor-bidi; mso-ansi-language: #000A; mso-fareast-language: EN-US; mso-bidi-language: AR-SA;\"><a href=\"https:\/\/www.valer-f.es\/es\/instituciones-de-acogida\/\">https:\/\/www.valer-f.es\/es\/instituciones-de-acogida\/<\/a><\/span><\/p>\t\t\t\t\t\t\t\t<\/div>\n\t\t\t\t<\/div>\n\t\t\t\t\t<\/div>\n\t\t<\/div>\n\t\t\t\t\t<\/div>\n\t\t<\/section>\n\t\t\t\t<section class=\"elementor-section elementor-top-section elementor-element elementor-element-47f78cc elementor-section-boxed elementor-section-height-default elementor-section-height-default\" data-id=\"47f78cc\" data-element_type=\"section\" data-e-type=\"section\">\n\t\t\t\t\t\t<div class=\"elementor-container elementor-column-gap-default\">\n\t\t\t\t\t<div class=\"elementor-column elementor-col-100 elementor-top-column elementor-element elementor-element-0b670ad\" data-id=\"0b670ad\" data-element_type=\"column\" data-e-type=\"column\">\n\t\t\t<div class=\"elementor-widget-wrap elementor-element-populated\">\n\t\t\t\t\t\t<div class=\"elementor-element elementor-element-7ecb2c6 elementor-widget elementor-widget-heading\" data-id=\"7ecb2c6\" data-element_type=\"widget\" data-e-type=\"widget\" data-widget_type=\"heading.default\">\n\t\t\t\t<div class=\"elementor-widget-container\">\n\t\t\t\t\t<h2 class=\"elementor-heading-title elementor-size-default\">Abierto a las siguientes \u00e1reas de investigaci\u00f3n<\/h2>\t\t\t\t<\/div>\n\t\t\t\t<\/div>\n\t\t\t\t<div class=\"elementor-element elementor-element-6718742 elementor-widget elementor-widget-text-editor\" data-id=\"6718742\" data-element_type=\"widget\" data-e-type=\"widget\" data-widget_type=\"text-editor.default\">\n\t\t\t\t<div class=\"elementor-widget-container\">\n\t\t\t\t\t\t\t\t\t<ol><li>Ciencias Experimentales y Matem\u00e1ticas.<\/li><li>Ingenier\u00eda.<\/li><\/ol><p>Una <strong>propuesta completa <\/strong>consta de los siguientes elementos:<\/p><ul><li>Formulario online.<\/li><li>CV del candidato en ingl\u00e9s.<\/li><li>Datos de contacto de cuatro profesionales de referencia, de los cuales al menos dos deben presentar cartas de recomendaci\u00f3n.<\/li><li>Una expresi\u00f3n de inter\u00e9s (EOI) de al menos una instituci\u00f3n de acogida.<\/li><\/ul>\t\t\t\t\t\t\t\t<\/div>\n\t\t\t\t<\/div>\n\t\t\t\t\t<\/div>\n\t\t<\/div>\n\t\t\t\t\t<\/div>\n\t\t<\/section>\n\t\t\t\t<section class=\"elementor-section elementor-top-section elementor-element elementor-element-dffbfb8 elementor-section-boxed elementor-section-height-default elementor-section-height-default\" data-id=\"dffbfb8\" data-element_type=\"section\" data-e-type=\"section\">\n\t\t\t\t\t\t<div class=\"elementor-container elementor-column-gap-default\">\n\t\t\t\t\t<div class=\"elementor-column elementor-col-100 elementor-top-column elementor-element elementor-element-89240a2\" data-id=\"89240a2\" data-element_type=\"column\" data-e-type=\"column\">\n\t\t\t<div class=\"elementor-widget-wrap elementor-element-populated\">\n\t\t\t\t\t\t<div class=\"elementor-element elementor-element-5162900 elementor-widget elementor-widget-heading\" data-id=\"5162900\" data-element_type=\"widget\" data-e-type=\"widget\" data-widget_type=\"heading.default\">\n\t\t\t\t<div class=\"elementor-widget-container\">\n\t\t\t\t\t<h2 class=\"elementor-heading-title elementor-size-default\">Presentaci\u00f3n de solicitudes<\/h2>\t\t\t\t<\/div>\n\t\t\t\t<\/div>\n\t\t\t\t<div class=\"elementor-element elementor-element-e7d19a7 elementor-widget elementor-widget-text-editor\" data-id=\"e7d19a7\" data-element_type=\"widget\" data-e-type=\"widget\" data-widget_type=\"text-editor.default\">\n\t\t\t\t<div class=\"elementor-widget-container\">\n\t\t\t\t\t\t\t\t\t<p><strong>Acceso a plataforma de solicitudes:<\/strong> <a href=\"https:\/\/call.valer-f.es\/\">https:\/\/call.valer-f.es\/<\/a><\/p>\n<p><strong>Plazo presentaci\u00f3n de candidaturas:<\/strong> Del 17 de febrero al 22 de abril de 2025 a las 14:00 (hora de Europa Central)<\/p>\t\t\t\t\t\t\t\t<\/div>\n\t\t\t\t<\/div>\n\t\t\t\t\t<\/div>\n\t\t<\/div>\n\t\t\t\t\t<\/div>\n\t\t<\/section>\n\t\t\t\t<section class=\"elementor-section elementor-top-section elementor-element elementor-element-cc8dc34 elementor-section-boxed elementor-section-height-default elementor-section-height-default\" data-id=\"cc8dc34\" data-element_type=\"section\" data-e-type=\"section\">\n\t\t\t\t\t\t<div class=\"elementor-container elementor-column-gap-default\">\n\t\t\t\t\t<div class=\"elementor-column elementor-col-100 elementor-top-column elementor-element elementor-element-707b6ff\" data-id=\"707b6ff\" data-element_type=\"column\" data-e-type=\"column\">\n\t\t\t<div class=\"elementor-widget-wrap elementor-element-populated\">\n\t\t\t\t\t\t<div class=\"elementor-element elementor-element-5ddc55c elementor-widget elementor-widget-heading\" data-id=\"5ddc55c\" data-element_type=\"widget\" data-e-type=\"widget\" data-widget_type=\"heading.default\">\n\t\t\t\t<div class=\"elementor-widget-container\">\n\t\t\t\t\t<h2 class=\"elementor-heading-title elementor-size-default\">Documentos de la convocatoria<\/h2>\t\t\t\t<\/div>\n\t\t\t\t<\/div>\n\t\t\t\t<div class=\"elementor-element elementor-element-1484f27 elementor-widget elementor-widget-text-editor\" data-id=\"1484f27\" data-element_type=\"widget\" data-e-type=\"widget\" data-widget_type=\"text-editor.default\">\n\t\t\t\t<div class=\"elementor-widget-container\">\n\t\t\t\t\t\t\t\t\t<ul><li><a href=\"https:\/\/www.valer-f.es\/wp-content\/uploads\/docs\/convocatorias\/plazas_investigador_2025\/01.Doc_CAS\/01.VALER-Convocatoria2025-CAS.pdf\" target=\"_blank\" rel=\"noopener\">Texto completo<\/a><\/li><li><a href=\"https:\/\/www.valer-f.es\/wp-content\/uploads\/docs\/convocatorias\/plazas_investigador_2025\/01.Doc_CAS\/02.VALER-ResumenConvocatoria2025-CAS.pdf\" target=\"_blank\" rel=\"noopener\">Res\u00famen<\/a><\/li><li><a href=\"https:\/\/www.valer-f.es\/wp-content\/uploads\/docs\/convocatorias\/plazas_investigador_2025\/01.Doc_CAS\/03.ValER_Call_EvaluationGuide.pdf\" target=\"_blank\" rel=\"noopener\">Gu\u00eda de evaluaci\u00f3n<\/a><\/li><li><a href=\"https:\/\/www.valer-f.es\/wp-content\/uploads\/docs\/convocatorias\/plazas_investigador_2025\/01.Doc_CAS\/04.EOI_Template.pdf\" target=\"_blank\" rel=\"noopener\">Plantilla de expresi\u00f3n de inter\u00e9s<\/a><\/li><li><a href=\"https:\/\/www.valer-f.es\/wp-content\/uploads\/docs\/convocatorias\/plazas_investigador_2025\/01.Doc_CAS\/05.MANUAL_SOLICITANTE.pdf\" target=\"_blank\" rel=\"noopener\">Manual de la plataforma online para solicitantes<\/a><\/li><li><a href=\"https:\/\/www.valer-f.es\/wp-content\/uploads\/docs\/convocatorias\/plazas_investigador_2025\/01.Doc_CAS\/06.MANUAL_REFEREES.pdf\" target=\"_blank\" rel=\"noopener\">Manual de plataforma online para referentes<\/a><\/li><li><a href=\"https:\/\/www.valer-f.es\/wp-content\/uploads\/docs\/convocatorias\/plazas_investigador_2025\/01.Doc_CAS\/07.MANUAL_INSTITUCIONES.pdf\" target=\"_blank\" rel=\"noopener\">Manual de la plataforma online para instituciones de acogida<\/a><\/li><li><a href=\"https:\/\/www.valer-f.es\/wp-content\/uploads\/docs\/convocatorias\/plazas_investigador_2025\/01.Doc_CAS\/SCIENTIFIC%20AREAS.pdf\">\u00c1reas cient\u00edficas<\/a><\/li><li><a href=\"https:\/\/www.valer-f.es\/wp-content\/uploads\/docs\/convocatorias\/plazas_investigador_2025\/01.Doc_CAS\/ComitesEval_Call2025_vf_CAS.pdf\" target=\"_blank\" rel=\"noopener\">Comit\u00e9s de evaluaci\u00f3n<\/a><\/li><li><a href=\"https:\/\/www.valer-f.es\/wp-content\/uploads\/docs\/convocatorias\/plazas_investigador_2025\/01.Doc_CAS\/Res_Call2025_vf_CAS_AN_fdo.pdf\" target=\"_blank\" rel=\"noopener\">RESOLUCI\u00d3N CONVOCATORIA<\/a><\/li><li><a href=\"https:\/\/www.valer-f.es\/wp-content\/uploads\/docs\/convocatorias\/plazas_investigador_2025\/01.Doc_CAS\/ResDEF_Call2025_vf_CAS_FDO.pdf\" target=\"_blank\" rel=\"noopener\">RESOLUCI\u00d3N DEFINITIVA<\/a><\/li><\/ul><div>\u00a0<\/div><div><p class=\"MsoNormal\">Para consultas sobre la convocatoria o problemas t\u00e9cnicos con la plataforma contactar a trav\u00e9s del correo electr\u00f3nico <u><a href=\"mailto:info@valer-f.es\">call@valer-f.es<\/a><\/u><\/p><\/div>\t\t\t\t\t\t\t\t<\/div>\n\t\t\t\t<\/div>\n\t\t\t\t\t<\/div>\n\t\t<\/div>\n\t\t\t\t\t<\/div>\n\t\t<\/section>\n\t\t\t\t<section class=\"elementor-section elementor-top-section elementor-element elementor-element-31689cb elementor-section-boxed elementor-section-height-default elementor-section-height-default\" data-id=\"31689cb\" data-element_type=\"section\" data-e-type=\"section\">\n\t\t\t\t\t\t<div class=\"elementor-container elementor-column-gap-default\">\n\t\t\t\t\t<div class=\"elementor-column elementor-col-100 elementor-top-column elementor-element elementor-element-028791d\" data-id=\"028791d\" data-element_type=\"column\" data-e-type=\"column\">\n\t\t\t<div class=\"elementor-widget-wrap elementor-element-populated\">\n\t\t\t\t\t\t<div class=\"elementor-element elementor-element-07c4e82 elementor-widget-divider--view-line elementor-widget elementor-widget-divider\" data-id=\"07c4e82\" data-element_type=\"widget\" data-e-type=\"widget\" data-widget_type=\"divider.default\">\n\t\t\t\t<div class=\"elementor-widget-container\">\n\t\t\t\t\t\t\t<div class=\"elementor-divider\">\n\t\t\t<span class=\"elementor-divider-separator\">\n\t\t\t\t\t\t<\/span>\n\t\t<\/div>\n\t\t\t\t\t\t<\/div>\n\t\t\t\t<\/div>\n\t\t\t\t<div class=\"elementor-element elementor-element-e27ac53 elementor-widget elementor-widget-text-editor\" data-id=\"e27ac53\" data-element_type=\"widget\" data-e-type=\"widget\" data-widget_type=\"text-editor.default\">\n\t\t\t\t<div class=\"elementor-widget-container\">\n\t\t\t\t\t\t\t\t\t<ul><li><span style=\"font-size: 11.0pt; mso-fareast-font-family: 'Times New Roman'; mso-fareast-language: EN-US;\">Informaci\u00f3n disponible tambi\u00e9n en: <a href=\"https:\/\/www.valer-f.es\/call\/valer-2025-call-for-permanent-positions-of-distinguished-researcher-in-the-valencian-community\/\">Ingl\u00e9s<\/a> \u2013 <a href=\"https:\/\/www.valer-f.es\/ca\/convocatoria\/convocatoria-valer-2025-per-a-places-permanents-dinvestigador-distingit-en-la-comunitat-valenciana\/\">Valenciano<\/a><\/span><\/li><\/ul>\t\t\t\t\t\t\t\t<\/div>\n\t\t\t\t<\/div>\n\t\t\t\t<div class=\"elementor-element elementor-element-a69306d elementor-widget-divider--view-line elementor-widget elementor-widget-divider\" data-id=\"a69306d\" data-element_type=\"widget\" data-e-type=\"widget\" data-widget_type=\"divider.default\">\n\t\t\t\t<div class=\"elementor-widget-container\">\n\t\t\t\t\t\t\t<div class=\"elementor-divider\">\n\t\t\t<span class=\"elementor-divider-separator\">\n\t\t\t\t\t\t<\/span>\n\t\t<\/div>\n\t\t\t\t\t\t<\/div>\n\t\t\t\t<\/div>\n\t\t\t\t\t<\/div>\n\t\t<\/div>\n\t\t\t\t\t<\/div>\n\t\t<\/section>\n\t\t\t\t<section class=\"elementor-section elementor-top-section elementor-element elementor-element-22ba1e6 elementor-section-boxed elementor-section-height-default elementor-section-height-default\" data-id=\"22ba1e6\" data-element_type=\"section\" data-e-type=\"section\">\n\t\t\t\t\t\t<div class=\"elementor-container elementor-column-gap-default\">\n\t\t\t\t\t<div class=\"elementor-column elementor-col-25 elementor-top-column elementor-element elementor-element-c74997c\" data-id=\"c74997c\" data-element_type=\"column\" data-e-type=\"column\">\n\t\t\t<div class=\"elementor-widget-wrap\">\n\t\t\t\t\t\t\t<\/div>\n\t\t<\/div>\n\t\t\t\t<div class=\"elementor-column elementor-col-25 elementor-top-column elementor-element elementor-element-9d2a091\" data-id=\"9d2a091\" data-element_type=\"column\" data-e-type=\"column\">\n\t\t\t<div class=\"elementor-widget-wrap elementor-element-populated\">\n\t\t\t\t\t\t<div class=\"elementor-element elementor-element-f15dec4 elementor-align-center elementor-widget elementor-widget-button\" data-id=\"f15dec4\" data-element_type=\"widget\" data-e-type=\"widget\" data-widget_type=\"button.default\">\n\t\t\t\t<div class=\"elementor-widget-container\">\n\t\t\t\t\t\t\t\t\t<div class=\"elementor-button-wrapper\">\n\t\t\t\t\t<a class=\"elementor-button elementor-button-link elementor-size-sm\" href=\"https:\/\/www.valer-f.es\/wp-content\/uploads\/docs\/convocatorias\/plazas_investigador_2025\/01.Doc_CAS\/01.Doc_CAS.zip\">\n\t\t\t\t\t\t<span class=\"elementor-button-content-wrapper\">\n\t\t\t\t\t\t<span class=\"elementor-button-icon\">\n\t\t\t\t<i aria-hidden=\"true\" class=\"fas fa-external-link-alt\"><\/i>\t\t\t<\/span>\n\t\t\t\t\t\t\t\t\t<span class=\"elementor-button-text\">Descargar informaci\u00f3n<\/span>\n\t\t\t\t\t<\/span>\n\t\t\t\t\t<\/a>\n\t\t\t\t<\/div>\n\t\t\t\t\t\t\t\t<\/div>\n\t\t\t\t<\/div>\n\t\t\t\t\t<\/div>\n\t\t<\/div>\n\t\t\t\t<div class=\"elementor-column elementor-col-25 elementor-top-column elementor-element elementor-element-c5d53d6\" data-id=\"c5d53d6\" data-element_type=\"column\" data-e-type=\"column\">\n\t\t\t<div class=\"elementor-widget-wrap elementor-element-populated\">\n\t\t\t\t\t\t<div class=\"elementor-element elementor-element-3557203 elementor-align-center elementor-widget elementor-widget-button\" data-id=\"3557203\" data-element_type=\"widget\" data-e-type=\"widget\" data-widget_type=\"button.default\">\n\t\t\t\t<div class=\"elementor-widget-container\">\n\t\t\t\t\t\t\t\t\t<div class=\"elementor-button-wrapper\">\n\t\t\t\t\t<a class=\"elementor-button elementor-button-link elementor-size-sm\" href=\"https:\/\/call.valer-f.es\/es\">\n\t\t\t\t\t\t<span class=\"elementor-button-content-wrapper\">\n\t\t\t\t\t\t<span class=\"elementor-button-icon\">\n\t\t\t\t<i aria-hidden=\"true\" class=\"fas fa-external-link-alt\"><\/i>\t\t\t<\/span>\n\t\t\t\t\t\t\t\t\t<span class=\"elementor-button-text\">Acceder a la Plataforma de Solicitudes<\/span>\n\t\t\t\t\t<\/span>\n\t\t\t\t\t<\/a>\n\t\t\t\t<\/div>\n\t\t\t\t\t\t\t\t<\/div>\n\t\t\t\t<\/div>\n\t\t\t\t\t<\/div>\n\t\t<\/div>\n\t\t\t\t<div class=\"elementor-column elementor-col-25 elementor-top-column elementor-element elementor-element-cbb6082\" data-id=\"cbb6082\" data-element_type=\"column\" data-e-type=\"column\">\n\t\t\t<div class=\"elementor-widget-wrap\">\n\t\t\t\t\t\t\t<\/div>\n\t\t<\/div>\n\t\t\t\t\t<\/div>\n\t\t<\/section>\n\t\t\t\t<section class=\"elementor-section elementor-top-section elementor-element elementor-element-a47ad46 elementor-section-boxed elementor-section-height-default elementor-section-height-default\" data-id=\"a47ad46\" data-element_type=\"section\" data-e-type=\"section\">\n\t\t\t\t\t\t<div class=\"elementor-container elementor-column-gap-default\">\n\t\t\t\t\t<div class=\"elementor-column elementor-col-100 elementor-top-column elementor-element elementor-element-bb9c46d\" data-id=\"bb9c46d\" data-element_type=\"column\" data-e-type=\"column\">\n\t\t\t<div class=\"elementor-widget-wrap elementor-element-populated\">\n\t\t\t\t\t\t<div class=\"elementor-element elementor-element-8802952 elementor-widget elementor-widget-spacer\" data-id=\"8802952\" data-element_type=\"widget\" data-e-type=\"widget\" data-widget_type=\"spacer.default\">\n\t\t\t\t<div class=\"elementor-widget-container\">\n\t\t\t\t\t\t\t<div class=\"elementor-spacer\">\n\t\t\t<div class=\"elementor-spacer-inner\"><\/div>\n\t\t<\/div>\n\t\t\t\t\t\t<\/div>\n\t\t\t\t<\/div>\n\t\t\t\t\t<\/div>\n\t\t<\/div>\n\t\t\t\t\t<\/div>\n\t\t<\/section>\n\t\t\t\t<\/div>\n\t\t","protected":false},"excerpt":{"rendered":"<p>La resoluci\u00f3n de la convocatoria ValER se publicar\u00e1 el 1 de septiembre de 2025. [CONVOCATORIA CERRADA Y RESUELTA] ValER ofrece CINCO puestos permanentes para investigadores que deseen desarrollar su carrera cient\u00edfica en la Comunitat Valenciana. Los candidatos seleccionados realizar\u00e1n su investigaci\u00f3n en alguna de las universidades p\u00fablicas o privadas sin \u00e1nimo de lucro, fundaciones o&hellip;<\/p>\n","protected":false},"author":3,"featured_media":0,"menu_order":0,"template":"elementor_header_footer","format":"standard","meta":{"footnotes":""},"estado_convocatoria":[19],"class_list":["post-12967","convocatoria","type-convocatoria","status-publish","format-standard","hentry","estado_convocatoria-abierta"],"_links":{"self":[{"href":"https:\/\/www.valer-f.es\/es\/wp-json\/wp\/v2\/convocatoria\/12967","targetHints":{"allow":["GET"]}}],"collection":[{"href":"https:\/\/www.valer-f.es\/es\/wp-json\/wp\/v2\/convocatoria"}],"about":[{"href":"https:\/\/www.valer-f.es\/es\/wp-json\/wp\/v2\/types\/convocatoria"}],"author":[{"embeddable":true,"href":"https:\/\/www.valer-f.es\/es\/wp-json\/wp\/v2\/users\/3"}],"version-history":[{"count":6,"href":"https:\/\/www.valer-f.es\/es\/wp-json\/wp\/v2\/convocatoria\/12967\/revisions"}],"predecessor-version":[{"id":15081,"href":"https:\/\/www.valer-f.es\/es\/wp-json\/wp\/v2\/convocatoria\/12967\/revisions\/15081"}],"wp:attachment":[{"href":"https:\/\/www.valer-f.es\/es\/wp-json\/wp\/v2\/media?parent=12967"}],"wp:term":[{"taxonomy":"estado_convocatoria","embeddable":true,"href":"https:\/\/www.valer-f.es\/es\/wp-json\/wp\/v2\/estado_convocatoria?post=12967"}],"curies":[{"name":"wp","href":"https:\/\/api.w.org\/{rel}","templated":true}]}}