{"id":15047,"date":"2026-04-25T15:55:47","date_gmt":"2026-04-25T13:55:47","guid":{"rendered":"https:\/\/www.valer-f.es\/?post_type=convocatoria&#038;p=15047"},"modified":"2026-04-25T16:33:50","modified_gmt":"2026-04-25T14:33:50","slug":"convocatoria-valer-2026-de-places-permanents-dinvestigador-distingit-en-la-comunitat-valenciana","status":"publish","type":"convocatoria","link":"https:\/\/www.valer-f.es\/ca\/convocatoria\/convocatoria-valer-2026-de-places-permanents-dinvestigador-distingit-en-la-comunitat-valenciana\/","title":{"rendered":"CONVOCAT\u00d2RIA ValER 2026 DE PLACES PERMANENTS D&#8217;INVESTIGADOR DISTINGIT EN LA COMUNITAT VALENCIANA"},"content":{"rendered":"\t\t<div data-elementor-type=\"wp-post\" data-elementor-id=\"15047\" class=\"elementor elementor-15047 elementor-15033\" data-elementor-post-type=\"convocatoria\">\n\t\t\t\t\t\t<section class=\"elementor-section elementor-top-section elementor-element elementor-element-982e879 elementor-section-stretched elementor-hidden-desktop elementor-hidden-tablet elementor-hidden-mobile elementor-section-boxed elementor-section-height-default elementor-section-height-default\" data-id=\"982e879\" data-element_type=\"section\" data-e-type=\"section\" data-settings=\"{&quot;stretch_section&quot;:&quot;section-stretched&quot;}\">\n\t\t\t\t\t\t<div class=\"elementor-container elementor-column-gap-default\">\n\t\t\t\t\t<div class=\"elementor-column elementor-col-100 elementor-top-column elementor-element elementor-element-7f16416\" data-id=\"7f16416\" data-element_type=\"column\" data-e-type=\"column\">\n\t\t\t<div class=\"elementor-widget-wrap elementor-element-populated\">\n\t\t\t\t\t\t<div class=\"elementor-element elementor-element-1b49d55 elementor-widget elementor-widget-text-editor\" data-id=\"1b49d55\" data-element_type=\"widget\" data-e-type=\"widget\" data-widget_type=\"text-editor.default\">\n\t\t\t\t<div class=\"elementor-widget-container\">\n\t\t\t\t\t\t\t\t\t<p><strong>La resoluci\u00f3 de la convocat\u00f2ria ValER es publicar\u00e0 l&#8217;1 de setembre de 2025<\/strong>.<\/p>\t\t\t\t\t\t\t\t<\/div>\n\t\t\t\t<\/div>\n\t\t\t\t\t<\/div>\n\t\t<\/div>\n\t\t\t\t\t<\/div>\n\t\t<\/section>\n\t\t\t\t<section class=\"elementor-section elementor-top-section elementor-element elementor-element-328ac7b elementor-section-stretched elementor-section-boxed elementor-section-height-default elementor-section-height-default\" data-id=\"328ac7b\" data-element_type=\"section\" data-e-type=\"section\" data-settings=\"{&quot;stretch_section&quot;:&quot;section-stretched&quot;}\">\n\t\t\t\t\t\t<div class=\"elementor-container elementor-column-gap-default\">\n\t\t\t\t\t<div class=\"elementor-column elementor-col-100 elementor-top-column elementor-element elementor-element-c6732c3\" data-id=\"c6732c3\" data-element_type=\"column\" data-e-type=\"column\">\n\t\t\t<div class=\"elementor-widget-wrap elementor-element-populated\">\n\t\t\t\t\t\t<div class=\"elementor-element elementor-element-4aaa95a elementor-widget elementor-widget-text-editor\" data-id=\"4aaa95a\" data-element_type=\"widget\" data-e-type=\"widget\" data-widget_type=\"text-editor.default\">\n\t\t\t\t<div class=\"elementor-widget-container\">\n\t\t\t\t\t\t\t\t\t<p>ValER oferix <strong>HUIT llocs permanents <\/strong>per a investigadors que desitgen desenvolupar la seua carrera cient\u00edfica en la Comunitat Valenciana. Els candidats seleccionats realitzaran la seua investigaci\u00f3 en alguna de les universitats p\u00fabliques o privades sense \u00e0nim de lucre, fundacions o centres d&#8217;investigaci\u00f3 de la Comunitat Valenciana. S&#8217;espera que realitzen una investigaci\u00f3 independent i col\u00b7laborativa, i que siguen capa\u00e7os d&#8217;atraure finan\u00e7ament competitiu i liderar les seues pr\u00f2pies l\u00ednies d&#8217;investigaci\u00f3.<\/p>\t\t\t\t\t\t\t\t<\/div>\n\t\t\t\t<\/div>\n\t\t\t\t\t<\/div>\n\t\t<\/div>\n\t\t\t\t\t<\/div>\n\t\t<\/section>\n\t\t\t\t<section class=\"elementor-section elementor-top-section elementor-element elementor-element-decb2a8 elementor-section-stretched elementor-section-boxed elementor-section-height-default elementor-section-height-default\" data-id=\"decb2a8\" data-element_type=\"section\" data-e-type=\"section\" data-settings=\"{&quot;stretch_section&quot;:&quot;section-stretched&quot;}\">\n\t\t\t\t\t\t<div class=\"elementor-container elementor-column-gap-default\">\n\t\t\t\t\t<div class=\"elementor-column elementor-col-100 elementor-top-column elementor-element elementor-element-c74462b\" data-id=\"c74462b\" data-element_type=\"column\" data-e-type=\"column\">\n\t\t\t<div class=\"elementor-widget-wrap elementor-element-populated\">\n\t\t\t\t\t\t<div class=\"elementor-element elementor-element-46ce1e7 elementor-widget elementor-widget-heading\" data-id=\"46ce1e7\" data-element_type=\"widget\" data-e-type=\"widget\" data-widget_type=\"heading.default\">\n\t\t\t\t<div class=\"elementor-widget-container\">\n\t\t\t\t\t<h2 class=\"elementor-heading-title elementor-size-default\">Remuneraci\u00f3<\/h2>\t\t\t\t<\/div>\n\t\t\t\t<\/div>\n\t\t\t\t<div class=\"elementor-element elementor-element-3b2cf98 elementor-widget elementor-widget-text-editor\" data-id=\"3b2cf98\" data-element_type=\"widget\" data-e-type=\"widget\" data-widget_type=\"text-editor.default\">\n\t\t\t\t<div class=\"elementor-widget-container\">\n\t\t\t\t\t\t\t\t\t<p>80.000 \u20ac bruts anuals.<\/p>\t\t\t\t\t\t\t\t<\/div>\n\t\t\t\t<\/div>\n\t\t\t\t\t<\/div>\n\t\t<\/div>\n\t\t\t\t\t<\/div>\n\t\t<\/section>\n\t\t\t\t<section class=\"elementor-section elementor-top-section elementor-element elementor-element-6430d43 elementor-section-stretched elementor-section-boxed elementor-section-height-default elementor-section-height-default\" data-id=\"6430d43\" data-element_type=\"section\" data-e-type=\"section\" data-settings=\"{&quot;stretch_section&quot;:&quot;section-stretched&quot;}\">\n\t\t\t\t\t\t<div class=\"elementor-container elementor-column-gap-default\">\n\t\t\t\t\t<div class=\"elementor-column elementor-col-100 elementor-top-column elementor-element elementor-element-86480fb\" data-id=\"86480fb\" data-element_type=\"column\" data-e-type=\"column\">\n\t\t\t<div class=\"elementor-widget-wrap elementor-element-populated\">\n\t\t\t\t\t\t<div class=\"elementor-element elementor-element-6c8cd1c elementor-widget elementor-widget-heading\" data-id=\"6c8cd1c\" data-element_type=\"widget\" data-e-type=\"widget\" data-widget_type=\"heading.default\">\n\t\t\t\t<div class=\"elementor-widget-container\">\n\t\t\t\t\t<h2 class=\"elementor-heading-title elementor-size-default\">Finan\u00e7ament addicional<\/h2>\t\t\t\t<\/div>\n\t\t\t\t<\/div>\n\t\t\t\t<div class=\"elementor-element elementor-element-f50db93 elementor-widget elementor-widget-text-editor\" data-id=\"f50db93\" data-element_type=\"widget\" data-e-type=\"widget\" data-widget_type=\"text-editor.default\">\n\t\t\t\t<div class=\"elementor-widget-container\">\n\t\t\t\t\t\t\t\t\t<ul><li>150.000 \u20ac com a finan\u00e7ament inicial per al desenvolupament de la investigaci\u00f3.<\/li><li>5.000 \u20ac com a m\u00e0xim en concepte de mudan\u00e7a per a trasllats internacionals.<\/li><\/ul>\t\t\t\t\t\t\t\t<\/div>\n\t\t\t\t<\/div>\n\t\t\t\t\t<\/div>\n\t\t<\/div>\n\t\t\t\t\t<\/div>\n\t\t<\/section>\n\t\t\t\t<section class=\"elementor-section elementor-top-section elementor-element elementor-element-d0557c5 elementor-section-stretched elementor-section-boxed elementor-section-height-default elementor-section-height-default\" data-id=\"d0557c5\" data-element_type=\"section\" data-e-type=\"section\" data-settings=\"{&quot;stretch_section&quot;:&quot;section-stretched&quot;}\">\n\t\t\t\t\t\t<div class=\"elementor-container elementor-column-gap-default\">\n\t\t\t\t\t<div class=\"elementor-column elementor-col-100 elementor-top-column elementor-element elementor-element-b100b42\" data-id=\"b100b42\" data-element_type=\"column\" data-e-type=\"column\">\n\t\t\t<div class=\"elementor-widget-wrap elementor-element-populated\">\n\t\t\t\t\t\t<div class=\"elementor-element elementor-element-bc080fb elementor-widget elementor-widget-heading\" data-id=\"bc080fb\" data-element_type=\"widget\" data-e-type=\"widget\" data-widget_type=\"heading.default\">\n\t\t\t\t<div class=\"elementor-widget-container\">\n\t\t\t\t\t<h2 class=\"elementor-heading-title elementor-size-default\">Sol\u00b7licitants elegibles<\/h2>\t\t\t\t<\/div>\n\t\t\t\t<\/div>\n\t\t\t\t<div class=\"elementor-element elementor-element-2f8fec4 elementor-widget elementor-widget-text-editor\" data-id=\"2f8fec4\" data-element_type=\"widget\" data-e-type=\"widget\" data-widget_type=\"text-editor.default\">\n\t\t\t\t<div class=\"elementor-widget-container\">\n\t\t\t\t\t\t\t\t\t<p>Esta convocat\u00f2ria est\u00e0 oberta a investigadors l\u00edders s\u00e8nior de qualsevol edat i nacionalitat, amb un m\u00ednim de 10 anys d&#8217;experi\u00e8ncia postdoctoral, historial d&#8217;investigaci\u00f3 excel\u00b7lent, traject\u00f2ria d&#8217;investigaci\u00f3 s\u00f2lida i experi\u00e8ncia internacional.<\/p>\t\t\t\t\t\t\t\t<\/div>\n\t\t\t\t<\/div>\n\t\t\t\t\t<\/div>\n\t\t<\/div>\n\t\t\t\t\t<\/div>\n\t\t<\/section>\n\t\t\t\t<section class=\"elementor-section elementor-top-section elementor-element elementor-element-528859b elementor-section-stretched elementor-section-boxed elementor-section-height-default elementor-section-height-default\" data-id=\"528859b\" data-element_type=\"section\" data-e-type=\"section\" data-settings=\"{&quot;stretch_section&quot;:&quot;section-stretched&quot;}\">\n\t\t\t\t\t\t<div class=\"elementor-container elementor-column-gap-default\">\n\t\t\t\t\t<div class=\"elementor-column elementor-col-100 elementor-top-column elementor-element elementor-element-45df096\" data-id=\"45df096\" data-element_type=\"column\" data-e-type=\"column\">\n\t\t\t<div class=\"elementor-widget-wrap elementor-element-populated\">\n\t\t\t\t\t\t<div class=\"elementor-element elementor-element-30b77a4 elementor-widget elementor-widget-heading\" data-id=\"30b77a4\" data-element_type=\"widget\" data-e-type=\"widget\" data-widget_type=\"heading.default\">\n\t\t\t\t<div class=\"elementor-widget-container\">\n\t\t\t\t\t<h2 class=\"elementor-heading-title elementor-size-default\">Institucions d'acolliment<\/h2>\t\t\t\t<\/div>\n\t\t\t\t<\/div>\n\t\t\t\t<div class=\"elementor-element elementor-element-03f4d34 elementor-widget elementor-widget-text-editor\" data-id=\"03f4d34\" data-element_type=\"widget\" data-e-type=\"widget\" data-widget_type=\"text-editor.default\">\n\t\t\t\t<div class=\"elementor-widget-container\">\n\t\t\t\t\t\t\t\t\t<p><span lang=\"es\" style=\"font-size: 11.0pt; line-height: 107%; font-family: 'Calibri',sans-serif; mso-ascii-theme-font: minor-latin; mso-fareast-font-family: Calibri; mso-fareast-theme-font: minor-latin; mso-hansi-theme-font: minor-latin; mso-bidi-font-family: 'Times New Roman'; mso-bidi-theme-font: minor-bidi; mso-ansi-language: #000A; mso-fareast-language: EN-US; mso-bidi-language: AR-SA;\"><a href=\"https:\/\/www.valer-f.es\/ca\/institucions-dacolliment\/\" target=\"_blank\" rel=\"noopener\">https:\/\/www.valer-f.es\/ca\/institucions-dacolliment\/<\/a><\/span><\/p>\t\t\t\t\t\t\t\t<\/div>\n\t\t\t\t<\/div>\n\t\t\t\t\t<\/div>\n\t\t<\/div>\n\t\t\t\t\t<\/div>\n\t\t<\/section>\n\t\t\t\t<section class=\"elementor-section elementor-top-section elementor-element elementor-element-47f78cc elementor-section-stretched elementor-section-boxed elementor-section-height-default elementor-section-height-default\" data-id=\"47f78cc\" data-element_type=\"section\" data-e-type=\"section\" data-settings=\"{&quot;stretch_section&quot;:&quot;section-stretched&quot;}\">\n\t\t\t\t\t\t<div class=\"elementor-container elementor-column-gap-default\">\n\t\t\t\t\t<div class=\"elementor-column elementor-col-100 elementor-top-column elementor-element elementor-element-0b670ad\" data-id=\"0b670ad\" data-element_type=\"column\" data-e-type=\"column\">\n\t\t\t<div class=\"elementor-widget-wrap elementor-element-populated\">\n\t\t\t\t\t\t<div class=\"elementor-element elementor-element-7ecb2c6 elementor-widget elementor-widget-heading\" data-id=\"7ecb2c6\" data-element_type=\"widget\" data-e-type=\"widget\" data-widget_type=\"heading.default\">\n\t\t\t\t<div class=\"elementor-widget-container\">\n\t\t\t\t\t<h2 class=\"elementor-heading-title elementor-size-default\">Obert a les seg\u00fcents \u00e0rees d'investigaci\u00f3<\/h2>\t\t\t\t<\/div>\n\t\t\t\t<\/div>\n\t\t\t\t<div class=\"elementor-element elementor-element-6718742 elementor-widget elementor-widget-text-editor\" data-id=\"6718742\" data-element_type=\"widget\" data-e-type=\"widget\" data-widget_type=\"text-editor.default\">\n\t\t\t\t<div class=\"elementor-widget-container\">\n\t\t\t\t\t\t\t\t\t<ol><li>Ci\u00e8ncies de la Vida i la Salut.<\/li><li>Ci\u00e8ncies Socials i del Comportament.<\/li><\/ol><p>Una <strong>proposta completa <\/strong>consta dels seg\u00fcents elements:<\/p><ul><li>Formulari online.<\/li><li>CV del candidat en angl\u00e9s.<\/li><li>Datos de contacte de quatre professionals de refer\u00e8ncia, dels quals almenys dos han de presentar cartes de recomanaci\u00f3.<\/li><li>Una expressi\u00f3 d&#8217;inter\u00e9s (EOI) d&#8217;almenys una instituci\u00f3 d\u2019acolliment.<\/li><\/ul>\t\t\t\t\t\t\t\t<\/div>\n\t\t\t\t<\/div>\n\t\t\t\t\t<\/div>\n\t\t<\/div>\n\t\t\t\t\t<\/div>\n\t\t<\/section>\n\t\t\t\t<section class=\"elementor-section elementor-top-section elementor-element elementor-element-dffbfb8 elementor-section-stretched elementor-section-boxed elementor-section-height-default elementor-section-height-default\" data-id=\"dffbfb8\" data-element_type=\"section\" data-e-type=\"section\" data-settings=\"{&quot;stretch_section&quot;:&quot;section-stretched&quot;}\">\n\t\t\t\t\t\t<div class=\"elementor-container elementor-column-gap-default\">\n\t\t\t\t\t<div class=\"elementor-column elementor-col-100 elementor-top-column elementor-element elementor-element-89240a2\" data-id=\"89240a2\" data-element_type=\"column\" data-e-type=\"column\">\n\t\t\t<div class=\"elementor-widget-wrap elementor-element-populated\">\n\t\t\t\t\t\t<div class=\"elementor-element elementor-element-5162900 elementor-widget elementor-widget-heading\" data-id=\"5162900\" data-element_type=\"widget\" data-e-type=\"widget\" data-widget_type=\"heading.default\">\n\t\t\t\t<div class=\"elementor-widget-container\">\n\t\t\t\t\t<h2 class=\"elementor-heading-title elementor-size-default\">Presentaci\u00f3 de sol\u00b7licituds<\/h2>\t\t\t\t<\/div>\n\t\t\t\t<\/div>\n\t\t\t\t<div class=\"elementor-element elementor-element-e7d19a7 elementor-widget elementor-widget-text-editor\" data-id=\"e7d19a7\" data-element_type=\"widget\" data-e-type=\"widget\" data-widget_type=\"text-editor.default\">\n\t\t\t\t<div class=\"elementor-widget-container\">\n\t\t\t\t\t\t\t\t\t<p><a href=\"https:\/\/call.valer-f.es\/\" target=\"_blank\" rel=\"noopener\">https:\/\/call.valer-f.es\/<\/a><\/p>\t\t\t\t\t\t\t\t<\/div>\n\t\t\t\t<\/div>\n\t\t\t\t\t<\/div>\n\t\t<\/div>\n\t\t\t\t\t<\/div>\n\t\t<\/section>\n\t\t\t\t<section class=\"elementor-section elementor-top-section elementor-element elementor-element-f1e1d3f elementor-section-stretched elementor-section-boxed elementor-section-height-default elementor-section-height-default\" data-id=\"f1e1d3f\" data-element_type=\"section\" data-e-type=\"section\" data-settings=\"{&quot;stretch_section&quot;:&quot;section-stretched&quot;}\">\n\t\t\t\t\t\t<div class=\"elementor-container elementor-column-gap-default\">\n\t\t\t\t\t<div class=\"elementor-column elementor-col-100 elementor-top-column elementor-element elementor-element-ddef6ac\" data-id=\"ddef6ac\" data-element_type=\"column\" data-e-type=\"column\">\n\t\t\t<div class=\"elementor-widget-wrap elementor-element-populated\">\n\t\t\t\t\t\t<div class=\"elementor-element elementor-element-f7fc731 elementor-widget elementor-widget-heading\" data-id=\"f7fc731\" data-element_type=\"widget\" data-e-type=\"widget\" data-widget_type=\"heading.default\">\n\t\t\t\t<div class=\"elementor-widget-container\">\n\t\t\t\t\t<h2 class=\"elementor-heading-title elementor-size-default\">Data l\u00edmit de la convocat\u00f2ria<\/h2>\t\t\t\t<\/div>\n\t\t\t\t<\/div>\n\t\t\t\t<div class=\"elementor-element elementor-element-82b04fd elementor-widget elementor-widget-text-editor\" data-id=\"82b04fd\" data-element_type=\"widget\" data-e-type=\"widget\" data-widget_type=\"text-editor.default\">\n\t\t\t\t<div class=\"elementor-widget-container\">\n\t\t\t\t\t\t\t\t\t<p><strong>30 de juny de 2026 a les 13.00 hores<\/strong> (hora d&#8217;Europa Central)<\/p>\t\t\t\t\t\t\t\t<\/div>\n\t\t\t\t<\/div>\n\t\t\t\t\t<\/div>\n\t\t<\/div>\n\t\t\t\t\t<\/div>\n\t\t<\/section>\n\t\t\t\t<section class=\"elementor-section elementor-top-section elementor-element elementor-element-cc8dc34 elementor-section-stretched elementor-section-boxed elementor-section-height-default elementor-section-height-default\" data-id=\"cc8dc34\" data-element_type=\"section\" data-e-type=\"section\" data-settings=\"{&quot;stretch_section&quot;:&quot;section-stretched&quot;}\">\n\t\t\t\t\t\t<div class=\"elementor-container elementor-column-gap-default\">\n\t\t\t\t\t<div class=\"elementor-column elementor-col-100 elementor-top-column elementor-element elementor-element-707b6ff\" data-id=\"707b6ff\" data-element_type=\"column\" data-e-type=\"column\">\n\t\t\t<div class=\"elementor-widget-wrap elementor-element-populated\">\n\t\t\t\t\t\t<div class=\"elementor-element elementor-element-5ddc55c elementor-widget elementor-widget-heading\" data-id=\"5ddc55c\" data-element_type=\"widget\" data-e-type=\"widget\" data-widget_type=\"heading.default\">\n\t\t\t\t<div class=\"elementor-widget-container\">\n\t\t\t\t\t<h2 class=\"elementor-heading-title elementor-size-default\">Documents de la convocat\u00f2ria<\/h2>\t\t\t\t<\/div>\n\t\t\t\t<\/div>\n\t\t\t\t<div class=\"elementor-element elementor-element-1484f27 elementor-widget elementor-widget-text-editor\" data-id=\"1484f27\" data-element_type=\"widget\" data-e-type=\"widget\" data-widget_type=\"text-editor.default\">\n\t\t\t\t<div class=\"elementor-widget-container\">\n\t\t\t\t\t\t\t\t\t<ol><li><a href=\"https:\/\/www.valer-f.es\/wp-content\/uploads\/docs\/convocatorias\/2026-convo-01\/02-Doc-VAL\/01-Convocatoria-ValER-2026-VLC.pdf\" target=\"_blank\" rel=\"noopener\">Text complet<\/a>.<\/li><li><a href=\"https:\/\/www.valer-f.es\/wp-content\/uploads\/docs\/convocatorias\/2026-convo-01\/02-Doc-VAL\/02-SCIENTIFIC-AREAS.pdf\" target=\"_blank\" rel=\"noopener\">\u00c0rees Cient\u00edfiques incloses en la convocat\u00f2ria<\/a>.<\/li><li><a href=\"https:\/\/www.valer-f.es\/wp-content\/uploads\/docs\/convocatorias\/2026-convo-01\/02-Doc-VAL\/03-ValER-evaluation-guide.pdf\" target=\"_blank\" rel=\"noopener\">Guia d&#8217;avaluaci\u00f3<\/a>.<\/li><li><a href=\"https:\/\/www.valer-f.es\/wp-content\/uploads\/docs\/convocatorias\/2026-convo-01\/02-Doc-VAL\/04-ENG-Expresion-de-Interes-ValER.pdf\" target=\"_blank\" rel=\"noopener\">Plantilla d&#8217;expressi\u00f3 d&#8217;inter\u00e9s<\/a>.<\/li><li><a href=\"https:\/\/www.valer-f.es\/wp-content\/uploads\/docs\/convocatorias\/2026-convo-01\/02-Doc-VAL\/05-MANUAL-SOLICITANT.pdf\" target=\"_blank\" rel=\"noopener\">Manual de la plataforma online per a sol\u00b7licitants<\/a>.<\/li><li><a href=\"https:\/\/www.valer-f.es\/wp-content\/uploads\/docs\/convocatorias\/2026-convo-01\/02-Doc-VAL\/06-MANUAL-REFEREES.pdf\" target=\"_blank\" rel=\"noopener\">Manual de la plataforma online per a referents<\/a>.<\/li><li><a href=\"https:\/\/www.valer-f.es\/wp-content\/uploads\/docs\/convocatorias\/2026-convo-01\/02-Doc-VAL\/07-MANUAL-INSTITUCIONS.pdf\" target=\"_blank\" rel=\"noopener\">Manual de la plataforma online per a institucions d&#8217;acolliment<\/a>.<\/li><\/ol>\t\t\t\t\t\t\t\t<\/div>\n\t\t\t\t<\/div>\n\t\t\t\t\t<\/div>\n\t\t<\/div>\n\t\t\t\t\t<\/div>\n\t\t<\/section>\n\t\t\t\t<section class=\"elementor-section elementor-top-section elementor-element elementor-element-31689cb elementor-section-stretched elementor-section-boxed elementor-section-height-default elementor-section-height-default\" data-id=\"31689cb\" data-element_type=\"section\" data-e-type=\"section\" data-settings=\"{&quot;stretch_section&quot;:&quot;section-stretched&quot;}\">\n\t\t\t\t\t\t<div class=\"elementor-container elementor-column-gap-default\">\n\t\t\t\t\t<div class=\"elementor-column elementor-col-100 elementor-top-column elementor-element elementor-element-028791d\" data-id=\"028791d\" data-element_type=\"column\" data-e-type=\"column\">\n\t\t\t<div class=\"elementor-widget-wrap elementor-element-populated\">\n\t\t\t\t\t\t<div class=\"elementor-element elementor-element-07c4e82 elementor-widget-divider--view-line elementor-widget elementor-widget-divider\" data-id=\"07c4e82\" data-element_type=\"widget\" data-e-type=\"widget\" data-widget_type=\"divider.default\">\n\t\t\t\t<div class=\"elementor-widget-container\">\n\t\t\t\t\t\t\t<div class=\"elementor-divider\">\n\t\t\t<span class=\"elementor-divider-separator\">\n\t\t\t\t\t\t<\/span>\n\t\t<\/div>\n\t\t\t\t\t\t<\/div>\n\t\t\t\t<\/div>\n\t\t\t\t<div class=\"elementor-element elementor-element-87b0a9c elementor-widget elementor-widget-text-editor\" data-id=\"87b0a9c\" data-element_type=\"widget\" data-e-type=\"widget\" data-widget_type=\"text-editor.default\">\n\t\t\t\t<div class=\"elementor-widget-container\">\n\t\t\t\t\t\t\t\t\t<ul><li>Informaci\u00f3 disponible tamb\u00e9 en: <a href=\"https:\/\/www.valer-f.es\/es\/convocatoria\/convocatoria-valer-2026-de-plazas-permanentes-de-investigador-distinguido-en-la-comunitat-valenciana\/\">Castell\u00e0<\/a> \u2013 <a href=\"https:\/\/www.valer-f.es\/call\/valer-2026-call-for-permanent-positions-of-distinguished-researcher-in-the-valencian-community\/\">Angl\u00e9s<\/a><\/li><\/ul>\t\t\t\t\t\t\t\t<\/div>\n\t\t\t\t<\/div>\n\t\t\t\t<div class=\"elementor-element elementor-element-8d037b2 elementor-widget-divider--view-line elementor-widget elementor-widget-divider\" data-id=\"8d037b2\" data-element_type=\"widget\" data-e-type=\"widget\" data-widget_type=\"divider.default\">\n\t\t\t\t<div class=\"elementor-widget-container\">\n\t\t\t\t\t\t\t<div class=\"elementor-divider\">\n\t\t\t<span class=\"elementor-divider-separator\">\n\t\t\t\t\t\t<\/span>\n\t\t<\/div>\n\t\t\t\t\t\t<\/div>\n\t\t\t\t<\/div>\n\t\t\t\t\t<\/div>\n\t\t<\/div>\n\t\t\t\t\t<\/div>\n\t\t<\/section>\n\t\t\t\t<section class=\"elementor-section elementor-top-section elementor-element elementor-element-22ba1e6 elementor-section-stretched elementor-section-boxed elementor-section-height-default elementor-section-height-default\" data-id=\"22ba1e6\" data-element_type=\"section\" data-e-type=\"section\" data-settings=\"{&quot;stretch_section&quot;:&quot;section-stretched&quot;}\">\n\t\t\t\t\t\t<div class=\"elementor-container elementor-column-gap-default\">\n\t\t\t\t\t<div class=\"elementor-column elementor-col-25 elementor-top-column elementor-element elementor-element-c74997c\" data-id=\"c74997c\" data-element_type=\"column\" data-e-type=\"column\">\n\t\t\t<div class=\"elementor-widget-wrap\">\n\t\t\t\t\t\t\t<\/div>\n\t\t<\/div>\n\t\t\t\t<div class=\"elementor-column elementor-col-25 elementor-top-column elementor-element elementor-element-9d2a091\" data-id=\"9d2a091\" data-element_type=\"column\" data-e-type=\"column\">\n\t\t\t<div class=\"elementor-widget-wrap elementor-element-populated\">\n\t\t\t\t\t\t<div class=\"elementor-element elementor-element-f15dec4 elementor-align-center elementor-widget elementor-widget-button\" data-id=\"f15dec4\" data-element_type=\"widget\" data-e-type=\"widget\" data-widget_type=\"button.default\">\n\t\t\t\t<div class=\"elementor-widget-container\">\n\t\t\t\t\t\t\t\t\t<div class=\"elementor-button-wrapper\">\n\t\t\t\t\t<a class=\"elementor-button elementor-button-link elementor-size-sm\" href=\"https:\/\/www.valer-f.es\/wp-content\/uploads\/docs\/convocatorias\/2026-convo-01\/02-Doc-VAL.zip\" target=\"_blank\">\n\t\t\t\t\t\t<span class=\"elementor-button-content-wrapper\">\n\t\t\t\t\t\t<span class=\"elementor-button-icon\">\n\t\t\t\t<i aria-hidden=\"true\" class=\"fas fa-external-link-alt\"><\/i>\t\t\t<\/span>\n\t\t\t\t\t\t\t\t\t<span class=\"elementor-button-text\">Descargar informaci\u00f3<\/span>\n\t\t\t\t\t<\/span>\n\t\t\t\t\t<\/a>\n\t\t\t\t<\/div>\n\t\t\t\t\t\t\t\t<\/div>\n\t\t\t\t<\/div>\n\t\t\t\t\t<\/div>\n\t\t<\/div>\n\t\t\t\t<div class=\"elementor-column elementor-col-25 elementor-top-column elementor-element elementor-element-c5d53d6\" data-id=\"c5d53d6\" data-element_type=\"column\" data-e-type=\"column\">\n\t\t\t<div class=\"elementor-widget-wrap elementor-element-populated\">\n\t\t\t\t\t\t<div class=\"elementor-element elementor-element-3557203 elementor-align-center elementor-widget elementor-widget-button\" data-id=\"3557203\" data-element_type=\"widget\" data-e-type=\"widget\" data-widget_type=\"button.default\">\n\t\t\t\t<div class=\"elementor-widget-container\">\n\t\t\t\t\t\t\t\t\t<div class=\"elementor-button-wrapper\">\n\t\t\t\t\t<a class=\"elementor-button elementor-button-link elementor-size-sm\" href=\"https:\/\/call.valer-f.es\/ca\">\n\t\t\t\t\t\t<span class=\"elementor-button-content-wrapper\">\n\t\t\t\t\t\t<span class=\"elementor-button-icon\">\n\t\t\t\t<i aria-hidden=\"true\" class=\"fas fa-external-link-alt\"><\/i>\t\t\t<\/span>\n\t\t\t\t\t\t\t\t\t<span class=\"elementor-button-text\">Accedir a la Plataforma de Sol\u00b7licituds<\/span>\n\t\t\t\t\t<\/span>\n\t\t\t\t\t<\/a>\n\t\t\t\t<\/div>\n\t\t\t\t\t\t\t\t<\/div>\n\t\t\t\t<\/div>\n\t\t\t\t\t<\/div>\n\t\t<\/div>\n\t\t\t\t<div class=\"elementor-column elementor-col-25 elementor-top-column elementor-element elementor-element-cbb6082\" data-id=\"cbb6082\" data-element_type=\"column\" data-e-type=\"column\">\n\t\t\t<div class=\"elementor-widget-wrap\">\n\t\t\t\t\t\t\t<\/div>\n\t\t<\/div>\n\t\t\t\t\t<\/div>\n\t\t<\/section>\n\t\t\t\t<section class=\"elementor-section elementor-top-section elementor-element elementor-element-a47ad46 elementor-section-boxed elementor-section-height-default elementor-section-height-default\" data-id=\"a47ad46\" data-element_type=\"section\" data-e-type=\"section\">\n\t\t\t\t\t\t<div class=\"elementor-container elementor-column-gap-default\">\n\t\t\t\t\t<div class=\"elementor-column elementor-col-100 elementor-top-column elementor-element elementor-element-bb9c46d\" data-id=\"bb9c46d\" data-element_type=\"column\" data-e-type=\"column\">\n\t\t\t<div class=\"elementor-widget-wrap elementor-element-populated\">\n\t\t\t\t\t\t<div class=\"elementor-element elementor-element-8802952 elementor-widget elementor-widget-spacer\" data-id=\"8802952\" data-element_type=\"widget\" data-e-type=\"widget\" data-widget_type=\"spacer.default\">\n\t\t\t\t<div class=\"elementor-widget-container\">\n\t\t\t\t\t\t\t<div class=\"elementor-spacer\">\n\t\t\t<div class=\"elementor-spacer-inner\"><\/div>\n\t\t<\/div>\n\t\t\t\t\t\t<\/div>\n\t\t\t\t<\/div>\n\t\t\t\t\t<\/div>\n\t\t<\/div>\n\t\t\t\t\t<\/div>\n\t\t<\/section>\n\t\t\t\t<\/div>\n\t\t","protected":false},"excerpt":{"rendered":"<p>La resoluci\u00f3 de la convocat\u00f2ria ValER es publicar\u00e0 l&#8217;1 de setembre de 2025. ValER oferix HUIT llocs permanents per a investigadors que desitgen desenvolupar la seua carrera cient\u00edfica en la Comunitat Valenciana. Els candidats seleccionats realitzaran la seua investigaci\u00f3 en alguna de les universitats p\u00fabliques o privades sense \u00e0nim de lucre, fundacions o centres d&#8217;investigaci\u00f3&hellip;<\/p>\n","protected":false},"author":3,"featured_media":0,"menu_order":0,"template":"","format":"standard","meta":{"footnotes":""},"estado_convocatoria":[69],"class_list":["post-15047","convocatoria","type-convocatoria","status-publish","format-standard","hentry","estado_convocatoria-open"],"_links":{"self":[{"href":"https:\/\/www.valer-f.es\/ca\/wp-json\/wp\/v2\/convocatoria\/15047","targetHints":{"allow":["GET"]}}],"collection":[{"href":"https:\/\/www.valer-f.es\/ca\/wp-json\/wp\/v2\/convocatoria"}],"about":[{"href":"https:\/\/www.valer-f.es\/ca\/wp-json\/wp\/v2\/types\/convocatoria"}],"author":[{"embeddable":true,"href":"https:\/\/www.valer-f.es\/ca\/wp-json\/wp\/v2\/users\/3"}],"version-history":[{"count":8,"href":"https:\/\/www.valer-f.es\/ca\/wp-json\/wp\/v2\/convocatoria\/15047\/revisions"}],"predecessor-version":[{"id":15075,"href":"https:\/\/www.valer-f.es\/ca\/wp-json\/wp\/v2\/convocatoria\/15047\/revisions\/15075"}],"wp:attachment":[{"href":"https:\/\/www.valer-f.es\/ca\/wp-json\/wp\/v2\/media?parent=15047"}],"wp:term":[{"taxonomy":"estado_convocatoria","embeddable":true,"href":"https:\/\/www.valer-f.es\/ca\/wp-json\/wp\/v2\/estado_convocatoria?post=15047"}],"curies":[{"name":"wp","href":"https:\/\/api.w.org\/{rel}","templated":true}]}}